{"id":69,"date":"2021-03-09T21:08:58","date_gmt":"2021-03-09T20:08:58","guid":{"rendered":"http:\/\/l8.wil.pk.edu.pl\/?page_id=69"},"modified":"2026-01-09T14:40:28","modified_gmt":"2026-01-09T13:40:28","slug":"seminarium","status":"publish","type":"page","link":"https:\/\/l8.wil.pk.edu.pl\/?page_id=69","title":{"rendered":"Seminarium"},"content":{"rendered":"\n<p class=\"has-text-align-center\"><a href=\"https:\/\/l8.wil.pk.edu.pl\/wp-content\/uploads\/2026\/01\/ricciardelli.pdf\" target=\"_blank\" rel=\"noreferrer noopener\">W czwartek 15 stycznia 2026 r. o godz. 9.15 w sali 311 w budynku g\u0142\u00f3wnym PK referat przedstawiProf. Francesco Ricciardelli<\/a> <\/p>\n\n\n\n<p class=\"has-text-align-center\"><a href=\"https:\/\/l8.wil.pk.edu.pl\/wp-content\/uploads\/2025\/11\/kwiecienszeptynski.pdf\" target=\"_blank\" rel=\"noreferrer noopener\">W czwartek 6 listopada 2025 r. o godz. 9.15 w sali 311 w budynku g\u0142\u00f3wnym PK referat przedstawi\u0105 prof. dr hab. in\u017c. Arkadiusz KWIECIE\u0143 oraz dr hab. in\u017c. Pawe\u0142 SZEPTY\u0143SKI<\/a><\/p>\n\n\n\n<p class=\"has-text-align-center has-cyan-bluish-gray-color has-text-color has-link-color wp-elements-31d0116ac7eb158344bdd6a1dab2edd8\">W czwartek 9 pa\u017adziernika 2025 r. o godz. 9.00 w sali 311 w budynku g\u0142\u00f3wnym PK odb\u0119dzie si\u0119 zebranie katedry. Tematyka spotkania b\u0119dzie dotyczy\u0142a spraw dydaktycznych oraz organizacyjnych w zw. z rozpoczynaj\u0105cym si\u0119 nowym rokiem akademickim.<\/p>\n\n\n\n<p class=\"has-text-align-center has-cyan-bluish-gray-color has-text-color has-link-color wp-elements-cd2c680531984aebb7c98125fb086159\"><a href=\"https:\/\/l8.wil.pk.edu.pl\/wp-content\/uploads\/2025\/06\/Setiono.A.R.26.06.2025.pdf\" target=\"_blank\" rel=\"noreferrer noopener\">W czwartek 26 czerwca 2025 r. o godz. 10.00 w sali 409 w budynku g\u0142\u00f3wnym PK referat przedstawi Arief Rakhman SETIONO Ph.D. Universitas Islam Negeri Maulana Malik Ibrahim Malang (UIN Malang) Indonezja<\/a><\/p>\n\n\n\n<p class=\"has-text-align-center has-cyan-bluish-gray-color has-text-color has-link-color wp-elements-09234315d7c8af09ecac240b6c8339c0\"><a href=\"https:\/\/l8.wil.pk.edu.pl\/wp-content\/uploads\/2025\/06\/ezacchei.pdf\" target=\"_blank\" rel=\"noreferrer noopener\">W czwartek 12 czerwca 2025 r. o godz. 9.15 w sali 402 w budynku g\u0142\u00f3wnym PK referat przedstawi Enrico ZACCHEI Prof. Dr. Eng. Polytechnic School of University of Salamaca (USAL), Spain<\/a><\/p>\n\n\n\n<p class=\"has-text-align-center has-cyan-bluish-gray-color has-text-color has-link-color wp-elements-6f1e16387712016b6867741612d24a99\"><a href=\"https:\/\/l8.wil.pk.edu.pl\/wp-content\/uploads\/2025\/04\/RakicevicZ.pdf\" target=\"_blank\" rel=\"noreferrer noopener\">W czwartek 24 kwietnia 2025 r. o godz. 9.15 w sali 311 w budynku g\u0142\u00f3wnym PK referat przedstawi Zoran RAKICEVIC Full Professor D. Sc.(Ss. Cyril and Methodius University in Skopje)<\/a><\/p>\n\n\n\n<p class=\"has-text-align-center has-cyan-bluish-gray-color has-text-color has-link-color wp-elements-3a8024fd9bc19c18ab0e853b62704a4e\"><a href=\"https:\/\/l8.wil.pk.edu.pl\/wp-content\/uploads\/2025\/04\/bogdanovic.pdf\" target=\"_blank\" rel=\"noreferrer noopener\">W czwartek 10 kwietnia 2025 r. o godz. 9.15 w sali 311 w budynku g\u0142\u00f3wnym PK referat przedstawi Aleksandra BOGDANOVIC Full Professor D. Sc.(Ss. Cyril and Methodius University in Skopje)<\/a><\/p>\n\n\n\n<p class=\"has-text-align-center has-cyan-bluish-gray-color has-text-color has-link-color wp-elements-6a23a57c324859b85987cc0a91d40cbc\"><a href=\"https:\/\/l8.wil.pk.edu.pl\/pdf\/koszycesk.pdf\" target=\"_blank\" rel=\"noreferrer noopener\">W czwartek 6 lutego 20https:\/\/l8.wil.pk.edu.pl\/pdf\/koszycesk.pdf25 r. o godz. 9.15 w sali 311 w budynku g\u0142\u00f3wnym PK referat przedstaw\u0105 doc. Ing. Victoria BAJZECEROWA, PhD i doc. Ing. Erika DOLNIKOVA, PhD<\/a><\/p>\n\n\n\n<p class=\"has-text-align-center has-cyan-bluish-gray-color has-text-color has-link-color wp-elements-f5ae2e49ba725d8e4c2fc64a00c71257\"><a href=\"https:\/\/l8.wil.pk.edu.pl\/pdf\/limongelli.pdf\" target=\"_blank\" rel=\"noreferrer noopener\">W czwartek 23 stycznia 2025 r. o godz. 9.15 w sali 311 w budynku g\u0142\u00f3wnym PK  referat przedstawi Prof. Maria Giuseppina LIMONGELLI <\/a><\/p>\n\n\n\n<p class=\"has-text-align-center has-cyan-bluish-gray-color has-text-color has-link-color wp-elements-cd23ec9d7ead7d461fe205c21531f1cf\"><a href=\"https:\/\/l8.wil.pk.edu.pl\/pdf\/semdyd.pdf\" target=\"_blank\" rel=\"noreferrer noopener\">W czwartek 28 listopada 2024 r. o godz. 9.15 w sali 311 w budynku g\u0142\u00f3wnym PK  odb\u0119dzie si\u0119 seminarium dydaktyczne<\/a><\/p>\n\n\n\n<p class=\"has-text-align-center has-cyan-bluish-gray-color has-text-color has-link-color wp-elements-0de43078fc585960a61edcf276a569cd\"><a href=\"https:\/\/l8.wil.pk.edu.pl\/pdf\/alupisek.pdf\" target=\"_blank\" rel=\"noreferrer noopener\">W czwartek 21 listopada 2024 r. o godz. 9.15 w sali 311 w budynku g\u0142\u00f3wnym PK referat przedstawi Doc. Ing. Ph.D. Anton\u00edn LUP\u00cd\u0160EK <\/a><\/p>\n\n\n\n<p class=\"has-text-align-center has-cyan-bluish-gray-color has-text-color has-link-color wp-elements-2a351c1d14cf451d6b2af0b13ac60017\"><a href=\"https:\/\/l8.wil.pk.edu.pl\/pdf\/hatlas.pdf\" target=\"_blank\" rel=\"noreferrer noopener\">W czwartek 17 pa\u017adziernika 2024 r. o godz. 9.15 w sali 311 w budynku g\u0142\u00f3wnym PK referat przedstawi dr in\u017c.  Marcin HAT\u0141AS<\/a><\/p>\n\n\n\n<p class=\"has-text-align-center has-cyan-bluish-gray-color has-text-color has-link-color wp-elements-ab92cf6566ea138a63800502abed4b17\"><a href=\"https:\/\/l8.wil.pk.edu.pl\/pdf\/drygala2.pdf\" target=\"_blank\" rel=\"noreferrer noopener\">W czwartek 10 pa\u017adziernika 2024 r. o godz. 9.15 w sali 311 w budynku g\u0142\u00f3wnym PK referat przedstawi dr in\u017c.  Izabela DRYGA\u0141A<\/a><\/p>\n\n\n\n<p class=\"has-text-align-center has-cyan-bluish-gray-color has-text-color has-link-color wp-elements-264cc4889c1faff6881fcd51490ef424\"><a href=\"https:\/\/l8.wil.pk.edu.pl\/pdf\/seminarium3102024\" target=\"_blank\" rel=\"noreferrer noopener\">W czwartek 3 pa\u017adziernika 2024 r. o godz. 8.45 w sali 311 w budynku g\u0142\u00f3wnym PK  odb\u0119dzie si\u0119 zebranie katedry &#8211; obecno\u015b\u0107 pracownik\u00f3w obowi\u0105zkowa<\/a><\/p>\n\n\n\n<p class=\"has-text-align-center has-cyan-bluish-gray-color has-text-color has-link-color wp-elements-d69058e66a2d5a111a4b248753cb444d\"><a href=\"https:\/\/l8.wil.pk.edu.pl\/pdf\/waseem.pdf\" target=\"_blank\" rel=\"noreferrer noopener\">W czwartek 13 czerwca 2024 r. o godz. 9.15 w sali 311 w budynku g\u0142\u00f3wnym PK referaty przedstawi mgr in\u017c. Waseem ALDABBIK<\/a><\/p>\n\n\n\n<p class=\"has-text-align-center has-cyan-bluish-gray-color has-text-color has-link-color wp-elements-5cdf4a9cfdb2c89f5f6825176173ec4b\"><a href=\"https:\/\/l8.wil.pk.edu.pl\/pdf\/nistico.pdf\" target=\"_blank\" rel=\"noreferrer noopener\">We wtorek 11 czerwca 2024 r. o godz. 11.00 w sali 311 w budynku g\u0142\u00f3wnym PK referaty przedstawi prof. dr hab. in\u017c. Nicola NISTIC\u00d2<\/a><\/p>\n\n\n\n<p class=\"has-text-align-center has-cyan-bluish-gray-color has-text-color has-link-color wp-elements-722ece151087be6ad4000c424949dbe9\"><a href=\"https:\/\/l8.wil.pk.edu.pl\/pdf\/hejazi.pdf\" target=\"_blank\" rel=\"noreferrer noopener\">W czwartek 6 czerwca 2024 r. o godz. 9.15 w sali 311 w budynku g\u0142\u00f3wnym PK referaty przedstawi prof. Mehrdad HEJAZI<\/a><\/p>\n\n\n\n<p class=\"has-text-align-center has-cyan-bluish-gray-color has-text-color has-link-color wp-elements-0b51bd1b9de4a14a70ac5c97f959c2f9\"><a href=\"https:\/\/l8.wil.pk.edu.pl\/pdf\/azizov.pdf\" target=\"_blank\" rel=\"noreferrer noopener\">W czwartek 14 marca 2024 r. o godz. 9.15 w sali 311 w budynku g\u0142\u00f3wnym PK referat przedstawi prof. dr hab. in\u017c.  Taliat AZIZOV<\/a><\/p>\n\n\n\n<p class=\"has-text-align-center has-cyan-bluish-gray-color has-text-color has-link-color wp-elements-ceb069a370aa40c33479b438caf8389f\"><a href=\"https:\/\/l8.wil.pk.edu.pl\/pdf\/szeptynski.pdf\" target=\"_blank\" rel=\"noreferrer noopener\">W czwartek 7 marca 2024 r. o godz. 9.15 w sali 311 w budynku g\u0142\u00f3wnym PK referat przedstawi dr in\u017c.  Pawe\u0142 SZEPTY\u0143SKI<\/a><\/p>\n\n\n\n<p class=\"has-text-align-center has-cyan-bluish-gray-color has-text-color has-link-color wp-elements-61efaf3ff3db566cec142da5c935fdbc\"><a href=\"https:\/\/l8.wil.pk.edu.pl\/pdf\/drygala.pdf\" target=\"_blank\" rel=\"noreferrer noopener\">W czwartek 18 stycznia 2024 r. o godz. 9.15 w sali 311 w budynku g\u0142\u00f3wnym PK referat przedstawi dr in\u017c.  Izabela DRYGA\u0141A<\/a><\/p>\n\n\n\n<p class=\"has-text-align-center has-cyan-bluish-gray-color has-text-color has-link-color wp-elements-eabde656b4899a335c6632436609e2c4\"><a href=\"https:\/\/l8.wil.pk.edu.pl\/pdf\/pochopien.pdf\" target=\"_blank\" rel=\"noreferrer noopener\">W czwartek 11 stycznia 2024 r. o godz. 9.15 w sali 311 w budynku g\u0142\u00f3wnym PK referat przedstawi mgr in\u017c.  Jan POCHOPIE\u0143<\/a><\/p>\n\n\n\n<p class=\"has-text-align-center has-cyan-bluish-gray-color has-text-color has-link-color wp-elements-a79de06ff78e96d087d07289247842a2\"><a href=\"https:\/\/l8.wil.pk.edu.pl\/pdf\/seminarium7122023.pdf\" target=\"_blank\" rel=\"noreferrer noopener\">W czwartek 7 grudnia 2023 r. o godz. 9.15 w sali 311 w budynku g\u0142\u00f3wnym PK referat przedstawi dr hab. in\u017c. Alicja KOWALSKA-KOCZWARA, prof. PK<\/a><\/p>\n\n\n\n<p class=\"has-text-align-center has-cyan-bluish-gray-color has-text-color has-link-color wp-elements-5b427349487a7ff4c14bc0dfb522f782\"><a rel=\"noreferrer noopener\" href=\"https:\/\/l8.wil.pk.edu.pl\/pdf\/marschalko\" data-type=\"link\" data-id=\"https:\/\/l8.wil.pk.edu.pl\/pdf\/marschalko\" target=\"_blank\"><strong>We wtorek 31 pa\u017adziernika 2023 r. o godz. 9.15 w <\/strong>sali 311 w budynku g\u0142\u00f3wnym PK referat przedstawi  prof. dr hab. in\u017c Marian MARSCHALKO<\/a> (Ostrawa, Czechy)<\/p>\n\n\n\n<p class=\"has-text-align-center has-cyan-bluish-gray-color has-text-color\"><strong>W \u015brod\u0119 14 czerwca 2023 r. o godz. 12.00 w <\/strong>sali 311 w budynku g\u0142\u00f3wnym PK<\/p>\n\n\n\n<p class=\"has-text-align-center has-cyan-bluish-gray-color has-text-color\">odb\u0119dzie si\u0119 publiczna obrona rozprawy doktorskiej<\/p>\n\n\n\n<p class=\"has-text-align-center has-cyan-bluish-gray-color has-text-color\"><strong>mgr in\u017c. Justyny MORMAN-W\u0104TOR<\/strong><\/p>\n\n\n\n<p class=\"has-text-align-center has-cyan-bluish-gray-color has-text-color\">Promotor: prof. dr hab. in\u017c. El\u017cbieta Pilecka<\/p>\n\n\n\n<p class=\"has-text-align-center has-cyan-bluish-gray-color has-text-color\">na temat<\/p>\n\n\n\n<p class=\"has-text-align-center has-cyan-bluish-gray-color has-text-color\"><strong>\u201eOcena mo\u017cliwo\u015bci zastosowania odpad\u00f3w wydobywczych z kopal\u0144 GZW do budowy obwa\u0142owa\u0144 przeciwpowodziowych pe\u0142ni\u0105cych funkcj\u0119 nasyp\u00f3w drogowych\u201d<\/strong><\/p>\n\n\n\n<hr class=\"wp-block-separator has-alpha-channel-opacity\"\/>\n\n\n\n<p class=\"has-text-align-center has-cyan-bluish-gray-color has-text-color\"><strong>W \u015brod\u0119 14 czerwca 2023 r. o godz. 9.15 w <\/strong>sali 311 w budynku g\u0142\u00f3wnym PK<\/p>\n\n\n\n<p class=\"has-text-align-center has-cyan-bluish-gray-color has-text-color\"><strong>mgr in\u017c Bartosz RADECKI-PAWLIK<\/strong><\/p>\n\n\n\n<p class=\"has-text-align-center has-cyan-bluish-gray-color has-text-color\">przedstawi referat:<\/p>\n\n\n\n<p class=\"has-text-align-center has-cyan-bluish-gray-color has-text-color\"><strong>\u201e<\/strong>Konstrukcja i statyka gurt\u00f3w bystrz o zwi\u0119kszonej szorstko\u015bci w aspekcie hydrodynamiki przep\u0142ywu wody<strong>\u201d<\/strong><\/p>\n\n\n\n<p class=\"has-text-align-center has-cyan-bluish-gray-color has-text-color\">Promotor: dr hab. in\u017c. Filip Pachla, prof. PK<\/p>\n\n\n\n<hr class=\"wp-block-separator has-alpha-channel-opacity\"\/>\n\n\n\n<p class=\"has-text-align-center has-cyan-bluish-gray-color has-text-color\"><strong>W czwartek 1 czerwca 2023 r. o godz. 9.15 w <\/strong>sali 311 w budynku g\u0142\u00f3wnym PK<\/p>\n\n\n\n<p class=\"has-text-align-center has-cyan-bluish-gray-color has-text-color\"><strong>Prof. Peter MESAROS<\/strong><\/p>\n\n\n\n<p class=\"has-text-align-center has-cyan-bluish-gray-color has-text-color\">Technical University of Ko\u0161ice Faculty of Civil Engineering<\/p>\n\n\n\n<p class=\"has-text-align-center has-cyan-bluish-gray-color has-text-color\">przedstawi referat:<\/p>\n\n\n\n<p class=\"has-text-align-center has-cyan-bluish-gray-color has-text-color\"><strong>\u201e<\/strong>Research infrastructure and research projects in the field of civil enginering at Technical University of Kosice<strong>\u201d<\/strong><\/p>\n\n\n\n<hr class=\"wp-block-separator has-alpha-channel-opacity\"\/>\n\n\n\n<p class=\"has-text-align-center has-cyan-bluish-gray-color has-text-color\"><strong>W czwartek 1 czerwca 2023 r. o godz. 13.00 w <\/strong>sali 311 w budynku g\u0142\u00f3wnym PK<\/p>\n\n\n\n<p class=\"has-text-align-center has-cyan-bluish-gray-color has-text-color\"><strong>mgr in\u017c Dariusz SZWARKOWSKI<\/strong><\/p>\n\n\n\n<p class=\"has-text-align-center has-cyan-bluish-gray-color has-text-color\">przedstawi referat:<\/p>\n\n\n\n<p class=\"has-text-align-center has-cyan-bluish-gray-color has-text-color\"><strong>\u201e<\/strong><em>Numeryczna analiza ograniczania drga\u0144 transportowych przez wibroizolacyjn\u0105 przegrod\u0119 w gruncie<\/em><strong>\u201d<\/strong><\/p>\n\n\n\n<p class=\"has-text-align-center has-cyan-bluish-gray-color has-text-color\">Promotor: prof. dr hab. in\u017c. El\u017cbieta Pilecka<\/p>\n\n\n\n<p class=\"has-text-align-center has-cyan-bluish-gray-color has-text-color\">Promotor pomocniczy: dr hab. in\u017c. Filip Pachla, prof. PK<\/p>\n\n\n\n<hr class=\"wp-block-separator has-alpha-channel-opacity\"\/>\n\n\n\n<p class=\"has-text-align-center has-cyan-bluish-gray-color has-text-color\"><strong>W czwartek 11 maja 2023 r. o godz. 9.15 w <\/strong>sali 311 w budynku g\u0142\u00f3wnym PK<\/p>\n\n\n\n<p class=\"has-text-align-center has-cyan-bluish-gray-color has-text-color\"><strong>mgr in\u017c Micha\u0142 POLAK<\/strong> <\/p>\n\n\n\n<p class=\"has-text-align-center has-cyan-bluish-gray-color has-text-color\">przedstawi referat:<\/p>\n\n\n\n<p class=\"has-text-align-center has-cyan-bluish-gray-color has-text-color\"><strong>\u201e<\/strong>Analiza skuteczno\u015bci t\u0142umik\u00f3w wiskotyczno-wahad\u0142owych i cieczowych kolumnowych<strong>\u201d<\/strong><\/p>\n\n\n\n<p class=\"has-text-align-center has-cyan-bluish-gray-color has-text-color\">Promotor: prof. dr hab. in\u017c. Andrzej Flaga<\/p>\n\n\n\n<hr class=\"wp-block-separator has-alpha-channel-opacity\"\/>\n\n\n\n<p class=\"has-text-align-center has-cyan-bluish-gray-color has-text-color\"><strong>W czwartek 4 maja 2023 r. o godz. 9.15 w <\/strong>sali 311 w budynku g\u0142\u00f3wnym PK <\/p>\n\n\n\n<p class=\"has-text-align-center has-cyan-bluish-gray-color has-text-color\">referat przedstawi:<\/p>\n\n\n\n<p class=\"has-text-align-center has-cyan-bluish-gray-color has-text-color\"><strong>Prof. Jose Sena Cruz<\/strong><\/p>\n\n\n\n<p class=\"has-text-align-center has-cyan-bluish-gray-color has-text-color\">University Minho w Portugalii<\/p>\n\n\n\n<p class=\"has-text-align-center has-cyan-bluish-gray-color has-text-color\"><em>The use of pre-stressed FRP materials in the context of strengthening existing structures<\/em><\/p>\n\n\n\n<hr class=\"wp-block-separator has-alpha-channel-opacity\"\/>\n\n\n\n<p class=\"has-text-align-center has-cyan-bluish-gray-color has-text-color\"><strong>W czwartek 20 kwietnia 2023 r. o godz. 9.15 w <\/strong>sali 311 w budynku g\u0142\u00f3wnym PK<\/p>\n\n\n\n<p class=\"has-text-align-center has-cyan-bluish-gray-color has-text-color\">referaty przedstawi\u0105:<\/p>\n\n\n\n<p class=\"has-text-align-center has-cyan-bluish-gray-color has-text-color\"><strong>mgr in\u017c. Magdalena Moskal<\/strong><\/p>\n\n\n\n<p class=\"has-text-align-center has-cyan-bluish-gray-color has-text-color\"><em>Wp\u0142yw czynnik\u00f3w geotechniczno-konstrukcyjnych<\/em> <em>na stateczno\u015b\u0107 wybranych osuwisk<\/em> <em>na terenie fliszu karpackiego<\/em><\/p>\n\n\n\n<p class=\"has-text-align-center has-cyan-bluish-gray-color has-text-color\">Promotor: prof. dr hab. in\u017c. El\u017cbieta Pilecka Promotor pomocniczy: dr in\u017c. Janusz Kogut<\/p>\n\n\n\n<p class=\"has-text-align-center has-cyan-bluish-gray-color has-text-color\"><strong>mgr in\u017c. Piotr Krajewski<\/strong><\/p>\n\n\n\n<p class=\"has-text-align-center has-cyan-bluish-gray-color has-text-color\"><em>Using vertical ventilation systems to improve the air quality of selected urban areas (tytu\u0142 w j. polskim: Wykorzystanie pionowych uk\u0142ad\u00f3w wentylacyjnych do poprawy warunk\u00f3w aerosanitarnych wybranych obszar\u00f3w zurbanizowanych)<\/em> <\/p>\n\n\n\n<p class=\"has-text-align-center has-cyan-bluish-gray-color has-text-color\">Promotor: prof. dr hab. in\u017c. Andrzej Flaga<\/p>\n\n\n\n<hr class=\"wp-block-separator has-alpha-channel-opacity\"\/>\n\n\n\n<p class=\"has-text-align-center has-cyan-bluish-gray-color has-text-color has-link-color wp-elements-32be54400d88434f9251a5a32be156e0\"><a href=\"https:\/\/l8.wil.pk.edu.pl\/pdf\/13042023.pdf\" target=\"_blank\" rel=\"noreferrer noopener\">W czwartek 13 kwietnia 2023 r. o godz. 9.15 w sali 311 w budynku g\u0142\u00f3wnym PK referaty przedstawi\u0105 mgr in\u017c. Barbara Ko\u017cuch oraz mgr in\u017c. Aleksander Pistol<\/a><\/p>\n\n\n\n<hr class=\"wp-block-separator has-alpha-channel-opacity\"\/>\n\n\n\n<p class=\"has-text-align-center has-cyan-bluish-gray-color has-text-color\"><strong>W czwartek 30 marca 2023 r. o godz. 9.15 w <\/strong>sali 311 w budynku g\u0142\u00f3wnym PK<\/p>\n\n\n\n<p class=\"has-text-align-center has-cyan-bluish-gray-color has-text-color\">referaty przedstawi\u0105:<\/p>\n\n\n\n<p class=\"has-text-align-center has-cyan-bluish-gray-color has-text-color\"><strong>mgr in\u017c. Barbara Ko\u017cuch<\/strong><\/p>\n\n\n\n<p class=\"has-text-align-center has-cyan-bluish-gray-color has-text-color\"><strong>\u201e<em>Drgania wzbudzane przejazdami poci\u0105g\u00f3w duzych pr\u0119dko\u015bci w Polsce &#8211; propagacja w gruncie<\/em>\u201d<\/strong><\/p>\n\n\n\n<p class=\"has-text-align-center has-cyan-bluish-gray-color has-text-color has-small-font-size\">promotor: prof. dr hab. in\u017c. Tadeusz Tatara<\/p>\n\n\n\n<p class=\"has-text-align-center has-cyan-bluish-gray-color has-text-color has-small-font-size\">promotor pomocniczy: dr hab. in\u017c. Filip Pachla, prof. PK<\/p>\n\n\n\n<p class=\"has-text-align-center has-cyan-bluish-gray-color has-text-color\"><strong>mgr in\u017c. Jakub Zi\u0119ba<\/strong><\/p>\n\n\n\n<p class=\"has-text-align-center has-cyan-bluish-gray-color has-text-color\"><em><strong>&#8222;Badanie korelacji wybranych parametr\u00f3w geotechnicznych wyznaczanych laboratoryjnie i &#8222;in situ&#8221; na terenie &#8222;Bia\u0142ych M\u00f3rz&#8221; w Krakowie&#8221;<\/strong><\/em><\/p>\n\n\n\n<p class=\"has-text-align-center has-cyan-bluish-gray-color has-text-color has-small-font-size\">promotor prof. dr hab. in\u017c. El\u017cbieta Pilecka <\/p>\n\n\n\n<hr class=\"wp-block-separator has-alpha-channel-opacity\"\/>\n\n\n\n<p class=\"has-text-align-center has-cyan-bluish-gray-color has-text-color\"><strong>W czwartek 2 marca 2023 r. o godz. 9.15 w <\/strong>sali 311<\/p>\n\n\n\n<p class=\"has-text-align-center has-cyan-bluish-gray-color has-text-color\">Kierownik Katedry Mechaniki Budowli i Materia\u0142\u00f3w zaprasza wszystkich pracownik\u00f3w katedry na:<\/p>\n\n\n\n<p class=\"has-text-align-center has-cyan-bluish-gray-color has-text-color\"><strong>\u201eSeminarium dydaktyczne\u201d<\/strong><\/p>\n\n\n\n<hr class=\"wp-block-separator has-alpha-channel-opacity\"\/>\n\n\n\n<p class=\"has-text-align-center has-cyan-bluish-gray-color has-text-color\"><strong>W czwartek 8 grudnia 2022 r. o godz. 9.15 w <\/strong>sali 311<\/p>\n\n\n\n<p class=\"has-text-align-center has-cyan-bluish-gray-color has-text-color\"><strong>mgr in\u017c Justyna MORMAN-W\u0104TOR<\/strong> <\/p>\n\n\n\n<p class=\"has-text-align-center has-cyan-bluish-gray-color has-text-color\">przedstawi referat:<\/p>\n\n\n\n<p class=\"has-text-align-center has-cyan-bluish-gray-color has-text-color\"><strong>\u201eOcena mo\u017cliwo\u015bci zastosowania odpad\u00f3w wydobywczych z kopal\u0144 GZW do budowy obwa\u0142owa\u0144 przeciwpowodziowych pe\u0142ni\u0105cych funkcj\u0119 nasyp\u00f3w drogowych\u201d<\/strong><\/p>\n\n\n\n<hr class=\"wp-block-separator has-alpha-channel-opacity\"\/>\n\n\n\n<p class=\"has-text-align-center has-cyan-bluish-gray-color has-text-color\"><strong>W czwartek 10 listopada 2022 r. o godz. 9.15 w <\/strong>sali 311<\/p>\n\n\n\n<p class=\"has-text-align-center has-cyan-bluish-gray-color has-text-color\">Kierownik Katedry Mechaniki Budowli i Materia\u0142\u00f3w zaprasza wszystkich pracownik\u00f3w katedry na:<\/p>\n\n\n\n<p class=\"has-text-align-center has-cyan-bluish-gray-color has-text-color\"><strong>\u201eSeminarium dydaktyczne\u201d<\/strong><\/p>\n\n\n\n<hr class=\"wp-block-separator has-alpha-channel-opacity\"\/>\n\n\n\n<p class=\"has-text-align-center has-cyan-bluish-gray-color has-text-color\"><strong>W czwartek 22 wrze\u015bnia 2022 r. o godz. 9.15 w <\/strong>sali 311<\/p>\n\n\n\n<p class=\"has-text-align-center has-cyan-bluish-gray-color has-text-color\">Kierownik Katedry Mechaniki Budowli i Materia\u0142\u00f3w zaprasza wszystkich pracownik\u00f3w katedry na:<\/p>\n\n\n\n<p class=\"has-text-align-center has-cyan-bluish-gray-color has-text-color\"><strong>\u201eSeminarium dydaktyczno \u2013 organizacyjne\u201d<\/strong><\/p>\n\n\n\n<hr class=\"wp-block-separator has-alpha-channel-opacity\"\/>\n\n\n\n<p class=\"has-text-align-center has-cyan-bluish-gray-color has-text-color\"><strong>W czwartek 26 maja 2022r. o godz. 9.15 w sali 311<\/strong> w budynku g\u0142\u00f3wnym PK<\/p>\n\n\n\n<p class=\"has-text-align-center has-cyan-bluish-gray-color has-text-color\"><strong>doc. Anna SHYMANSKA<\/strong> <\/p>\n\n\n\n<p class=\"has-text-align-center has-cyan-bluish-gray-color has-text-color\"><strong>przedstawi referat w j\u0119zyku angielskim:<\/strong><br><strong><em>\u201e Electrical Power Engineering &amp; Automation Faculty\u201d<\/em><\/strong>  <\/p>\n\n\n\n<p class=\"has-text-align-center has-cyan-bluish-gray-color has-text-color\">Igor Sikorsky Kyiv Polytechnic Institute ELECTROMECHANICS DEPARTMENT<\/p>\n\n\n\n<hr class=\"wp-block-separator has-css-opacity\"\/>\n\n\n\n<p class=\"has-text-align-center has-cyan-bluish-gray-color has-text-color\"><strong>W \u015brod\u0119 2 marca 2022r. o godz. 9.15 w formie zdalnej<\/strong> <\/p>\n\n\n\n<p class=\"has-text-align-center has-cyan-bluish-gray-color has-text-color\"><strong>mgr in\u017c. Bart\u0142omiej RATAJEWICZ<\/strong><\/p>\n\n\n\n<p class=\"has-text-align-center has-cyan-bluish-gray-color has-text-color\"><strong>przedstawi referat:<\/strong><br><strong><em>\u201eWp\u0142yw eksploatacji na charakterystyki dynamiczne jednoprzewodowych \u017celbetowych<br>komin\u00f3w przemys\u0142owych\u201d<\/em><\/strong>  <\/p>\n\n\n\n<hr class=\"wp-block-separator has-css-opacity\"\/>\n\n\n\n<p class=\"has-text-align-center has-cyan-bluish-gray-color has-text-color\"><strong>W czwartek 13 stycznia 2021r. o godz. 9.15 w formie zdalnej<\/strong><\/p>\n\n\n\n<p class=\"has-text-align-center has-cyan-bluish-gray-color has-text-color\">Kierownik Katedry Mechaniki Budowli i Materia\u0142\u00f3w zaprasza wszystkich pracownik\u00f3w katedry na:<\/p>\n\n\n\n<p class=\"has-text-align-center has-cyan-bluish-gray-color has-text-color\"><strong>\u201eSeminarium dydaktyczno \u2013 organizacyjne\u201d<\/strong><\/p>\n\n\n\n<hr class=\"wp-block-separator has-css-opacity\"\/>\n\n\n\n<p class=\"has-text-align-center has-cyan-bluish-gray-color has-text-color\"><strong><strong>W czwartek 7 pa\u017adziernika 2021 o godz. 9.15 w <\/strong>sali 302<\/strong><\/p>\n\n\n\n<p class=\"has-text-align-center has-cyan-bluish-gray-color has-text-color\"><strong>Kierownik Katedry Mechaniki Budowli i Materia\u0142\u00f3w<br><br>zaprasza wszystkich pracownik\u00f3w katedry na:<\/strong><br><strong><strong>&#8222;Seminarium dydaktyczn<\/strong>o-organizacyjne<\/strong>&#8222;<\/p>\n\n\n\n<hr class=\"wp-block-separator has-css-opacity\"\/>\n\n\n\n<p class=\"has-text-align-center has-cyan-bluish-gray-color has-text-color\"><strong><strong>W czwartek 17 czerwca 2021 o godz. 9.15 w formie zdalnej<\/strong><\/strong><\/p>\n\n\n\n<p class=\"has-text-align-center has-cyan-bluish-gray-color has-text-color\"><strong>dr hab. in\u017c. Alicja KOWALSKA-KOCZWARA, prof. PK<br><br>przedstawi referat:<\/strong><br><strong>&#8222;<em>Zmiany w Regulaminie studi\u00f3w. Wynik oceny studi\u00f3w na kierunku Budownictwo (PKA)<\/em>&#8222;<\/strong><\/p>\n\n\n\n<p class=\"has-text-align-center has-cyan-bluish-gray-color has-text-color\">seminarium odb\u0119dzie si\u0119 wykorzystaniem technologii informatycznych (platforma ZOOM)<\/p>\n\n\n\n<hr class=\"wp-block-separator has-css-opacity\"\/>\n\n\n\n<p class=\"has-text-align-center has-cyan-bluish-gray-color has-text-color\"><strong><strong>W czwartek 10 czerwca 2021 o godz. 9.15 w formie zdalnej<\/strong><\/strong><\/p>\n\n\n\n<p class=\"has-text-align-center has-cyan-bluish-gray-color has-text-color\"><strong>mgr. in\u017c. Rafa\u0142 CIURA<br><br>przedstawi referat:<\/strong><br><strong>&#8222;<em>Wp\u0142yw nier\u00f3wnomierno\u015bci wymuszenia kinematycznego na odpowied\u017a dynamiczn\u0105 konstrukcji liniowych prowadzonych na budowlach wielopodporowych na terenach g\u00f3rniczej sejsmiczno\u015bci indukowanej<\/em>&#8222;<\/strong><\/p>\n\n\n\n<p class=\"has-text-align-center has-cyan-bluish-gray-color has-text-color\">seminarium odb\u0119dzie si\u0119 wykorzystaniem technologii informatycznych (platforma ZOOM)<\/p>\n\n\n\n<hr class=\"wp-block-separator has-css-opacity\"\/>\n\n\n\n<p class=\"has-text-align-center has-cyan-bluish-gray-color has-text-color\"><strong>W czwartek 25 marca 2021 o godz. 9.15 w formie zdalnej<\/strong><\/p>\n\n\n\n<p class=\"has-text-align-center has-cyan-bluish-gray-color has-text-color\">Kierownik Katedry Mechaniki Budowli i Materia\u0142\u00f3w zaprasza wszystkich pracownik\u00f3w katedry na:<\/p>\n\n\n\n<p class=\"has-text-align-center has-cyan-bluish-gray-color has-text-color has-medium-font-size\"><strong>Seminarium dydaktyczne<\/strong><\/p>\n\n\n\n<p class=\"has-text-align-center has-cyan-bluish-gray-color has-text-color\">link do spotkania b\u0119dzie przes\u0142any w p\u00f3\u017aniejszym terminie.<\/p>\n\n\n\n<hr class=\"wp-block-separator has-css-opacity\"\/>\n\n\n\n<p class=\"has-text-align-center has-cyan-bluish-gray-color has-text-color\">W czwartek 22 pa\u017adziernika 2020&nbsp; o godz. 9.15<br>z wykorzystaniem technologii informatycznych (platforma ZOOM)<\/p>\n\n\n\n<p class=\"has-text-align-center has-cyan-bluish-gray-color has-text-color\"><strong>PhD candidate, research assistant, M.Sc. Grad Mechabical Engineer<br>Nikola Naumovski<br>(Cyril and Methodius University in Skopje)<br>przedstawi referat:<\/strong><br><strong>&#8222;Dynamical measurement in Macedonia&#8221;<\/strong><\/p>\n\n\n\n<p class=\"has-text-align-center has-cyan-bluish-gray-color has-text-color\"><strong>Osoby zainteresowane udzia\u0142em proszone s\u0105 o kontakt email <a href=\"mailto:L-8@pk.edu.pl\">L-8@pk.edu.pl<\/a> <\/strong> <strong>do dnia 20.10.br. do godz. 12:00.<\/strong><\/p>\n","protected":false},"excerpt":{"rendered":"<p>W czwartek 15 stycznia 2026 r. o godz. 9.15 w sali 311 w budynku g\u0142\u00f3wnym PK referat przedstawiProf. Francesco Ricciardelli W czwartek 6 listopada 2025 r. o godz. 9.15 w sali 311 w budynku g\u0142\u00f3wnym PK referat przedstawi\u0105 prof. dr hab. in\u017c. Arkadiusz KWIECIE\u0143 oraz dr hab. in\u017c. Pawe\u0142 SZEPTY\u0143SKI W czwartek 9 pa\u017adziernika 2025 &hellip; <\/p>\n<p class=\"link-more\"><a href=\"https:\/\/l8.wil.pk.edu.pl\/?page_id=69\" class=\"more-link\">Czytaj dalej<span class=\"screen-reader-text\"> \u201eSeminarium\u201d<\/span><\/a><\/p>\n","protected":false},"author":1,"featured_media":0,"parent":0,"menu_order":0,"comment_status":"closed","ping_status":"closed","template":"","meta":{"footnotes":""},"class_list":["post-69","page","type-page","status-publish","hentry"],"_links":{"self":[{"href":"https:\/\/l8.wil.pk.edu.pl\/index.php?rest_route=\/wp\/v2\/pages\/69","targetHints":{"allow":["GET"]}}],"collection":[{"href":"https:\/\/l8.wil.pk.edu.pl\/index.php?rest_route=\/wp\/v2\/pages"}],"about":[{"href":"https:\/\/l8.wil.pk.edu.pl\/index.php?rest_route=\/wp\/v2\/types\/page"}],"author":[{"embeddable":true,"href":"https:\/\/l8.wil.pk.edu.pl\/index.php?rest_route=\/wp\/v2\/users\/1"}],"replies":[{"embeddable":true,"href":"https:\/\/l8.wil.pk.edu.pl\/index.php?rest_route=%2Fwp%2Fv2%2Fcomments&post=69"}],"version-history":[{"count":74,"href":"https:\/\/l8.wil.pk.edu.pl\/index.php?rest_route=\/wp\/v2\/pages\/69\/revisions"}],"predecessor-version":[{"id":636,"href":"https:\/\/l8.wil.pk.edu.pl\/index.php?rest_route=\/wp\/v2\/pages\/69\/revisions\/636"}],"wp:attachment":[{"href":"https:\/\/l8.wil.pk.edu.pl\/index.php?rest_route=%2Fwp%2Fv2%2Fmedia&parent=69"}],"curies":[{"name":"wp","href":"https:\/\/api.w.org\/{rel}","templated":true}]}}